{"id":476,"date":"2018-05-28T13:07:59","date_gmt":"2018-05-28T11:07:59","guid":{"rendered":"http:\/\/oculocin.cz\/?page_id=476"},"modified":"2018-05-28T13:11:11","modified_gmt":"2018-05-28T11:11:11","slug":"zasady-spracovania-a-ochrana-osobnych-udajov","status":"publish","type":"page","link":"https:\/\/oculocin.cz\/sk\/zasady-spracovania-a-ochrana-osobnych-udajov\/","title":{"rendered":"Z\u00e1sady spracovania a ochrana osobn\u00fdch \u00fadajov"},"content":{"rendered":"\n<style type=\"text\/css\" data-created_by=\"avia_inline_auto\" id=\"style-css-av-av_section-f3b54f83b4a34e462b26b0ebce0beeda\">\n.avia-section.av-av_section-f3b54f83b4a34e462b26b0ebce0beeda .av-parallax .av-parallax-inner{\nbackground-repeat:no-repeat;\nbackground-image:url(https:\/\/i0.wp.com\/oculocin.cz\/wp-content\/uploads\/2016\/12\/more_web-1.jpg?fit=1920%2C1084&ssl=1);\nbackground-position:50% 50%;\nbackground-attachment:scroll;\n}\n.avia-section.av-av_section-f3b54f83b4a34e462b26b0ebce0beeda .av-section-color-overlay{\nopacity:0.5;\nbackground-color:#576270;\n}\n<\/style>\n<div id='spolocnost'  class='avia-section av-av_section-f3b54f83b4a34e462b26b0ebce0beeda main_color avia-section-huge avia-no-border-styling  avia-builder-el-0  avia-builder-el-no-sibling  avia-full-stretch av-parallax-section avia-bg-style-parallax av-section-color-overlay-active container_wrap fullsize'  data-section-bg-repeat='stretch'><div class='av-parallax' data-avia-parallax-ratio='0.3' ><div class='av-parallax-inner main_color avia-full-stretch'><\/div><\/div><div class=\"av-section-color-overlay-wrap\"><div class=\"av-section-color-overlay\"><\/div><div class='container av-section-cont-open' ><main  role=\"main\" itemprop=\"mainContentOfPage\"  class='template-page content  av-content-full alpha units'><div class='post-entry post-entry-type-page post-entry-476'><div class='entry-content-wrapper clearfix'>\n\n<style type=\"text\/css\" data-created_by=\"avia_inline_auto\" id=\"style-css-av-av_heading-f43c4ed5fbca6c8de78083b404a26103\">\n#top .av-special-heading.av-av_heading-f43c4ed5fbca6c8de78083b404a26103{\npadding-bottom:0;\ncolor:#ffffff;\nfont-size:35px;\n}\nbody .av-special-heading.av-av_heading-f43c4ed5fbca6c8de78083b404a26103 .av-special-heading-tag .heading-char{\nfont-size:25px;\n}\n#top #wrap_all .av-special-heading.av-av_heading-f43c4ed5fbca6c8de78083b404a26103 .av-special-heading-tag{\nfont-size:35px;\n}\n.av-special-heading.av-av_heading-f43c4ed5fbca6c8de78083b404a26103 .special-heading-inner-border{\nborder-color:#ffffff;\n}\n.av-special-heading.av-av_heading-f43c4ed5fbca6c8de78083b404a26103 .av-subheading{\nfont-size:15px;\n}\n\n@media only screen and (min-width: 480px) and (max-width: 767px){ \n#top #wrap_all .av-special-heading.av-av_heading-f43c4ed5fbca6c8de78083b404a26103 .av-special-heading-tag{\nfont-size:0.8em;\n}\n}\n\n@media only screen and (max-width: 479px){ \n#top #wrap_all .av-special-heading.av-av_heading-f43c4ed5fbca6c8de78083b404a26103 .av-special-heading-tag{\nfont-size:0.8em;\n}\n}\n<\/style>\n<div  class='av-special-heading av-av_heading-f43c4ed5fbca6c8de78083b404a26103 av-special-heading-h2 custom-color-heading blockquote modern-quote modern-centered  avia-builder-el-1  el_before_av_hr  avia-builder-el-first  av-inherit-size'><h2 class='av-special-heading-tag'  itemprop=\"headline\"  >Z\u00e1sady spracovania a ochrana osobn\u00fdch \u00fadajov<\/h2><div class=\"special-heading-border\"><div class=\"special-heading-inner-border\"><\/div><\/div><\/div>\n<div  class='hr av-av_hr-0ff602b3e980a3377077ff3c1c834df6 hr-default  avia-builder-el-2  el_after_av_heading  el_before_av_one_fifth '><span class='hr-inner '><span class=\"hr-inner-style\"><\/span><\/span><\/div>\n<div class='flex_column_table av-av_one_fifth-5634ed2b504adada378f6e16439f2621 sc-av_one_fifth av-equal-height-column-flextable'>\n<style type=\"text\/css\" data-created_by=\"avia_inline_auto\" id=\"style-css-av-av_one_fifth-5634ed2b504adada378f6e16439f2621\">\n.flex_column.av-av_one_fifth-5634ed2b504adada378f6e16439f2621{\n-webkit-border-radius:0px 0px 0px 0px;\n-moz-border-radius:0px 0px 0px 0px;\nborder-radius:0px 0px 0px 0px;\npadding:0px 0px 0px 0px;\n}\n<\/style>\n<div class='flex_column av-av_one_fifth-5634ed2b504adada378f6e16439f2621 av_one_fifth  avia-builder-el-3  el_after_av_hr  el_before_av_three_fifth  first flex_column_table_cell av-equal-height-column av-align-middle av-animated-generic pop-up av-zero-column-padding '     ><\/div><div class='av-flex-placeholder'><\/div>\n<style type=\"text\/css\" data-created_by=\"avia_inline_auto\" id=\"style-css-av-av_three_fifth-0aa7055fe62c3622faec82866afbaeb2\">\n.flex_column.av-av_three_fifth-0aa7055fe62c3622faec82866afbaeb2{\n-webkit-border-radius:0px 0px 0px 0px;\n-moz-border-radius:0px 0px 0px 0px;\nborder-radius:0px 0px 0px 0px;\npadding:0px 0px 0px 0px;\n}\n<\/style>\n<div class='flex_column av-av_three_fifth-0aa7055fe62c3622faec82866afbaeb2 av_three_fifth  avia-builder-el-4  el_after_av_one_fifth  el_before_av_one_fifth  flex_column_table_cell av-equal-height-column av-align-middle av-zero-column-padding '     ><style type=\"text\/css\" data-created_by=\"avia_inline_auto\" id=\"style-css-av-av_textblock-dd2387397296c1a314b0b5f4a3f918a3\">\n#top .av_textblock_section.av-av_textblock-dd2387397296c1a314b0b5f4a3f918a3 .avia_textblock{\ncolor:#ffffff;\n}\n<\/style>\n<section  class='av_textblock_section av-av_textblock-dd2387397296c1a314b0b5f4a3f918a3'  itemscope=\"itemscope\" itemtype=\"https:\/\/schema.org\/CreativeWork\" ><div class='avia_textblock av_inherit_color'  itemprop=\"text\" ><h2>Ochrana osobn\u00fdch \u00fadajov<\/h2>\n<p>Ak ste na\u0161\u00edm z\u00e1kazn\u00edkom, odberate\u013eom noviniek alebo n\u00e1v\u0161tevn\u00edkom webu, zverujete n\u00e1m svoje osobn\u00e9 \u00fadaje. My zodpoved\u00e1me za ich ochranu a zabezpe\u010denie. Zozn\u00e1mte sa, pros\u00edm, s ochranou osobn\u00fdch \u00fadajov, z\u00e1sadami a pr\u00e1vami, ktor\u00e9 m\u00e1te v s\u00favislosti s GDPR (Nariadenie o ochrane osobn\u00fdch \u00fadajov).<\/p>\n<h3>Kto je spr\u00e1vca?<\/h3>\n<p>Sme spolo\u010dnos\u0165 OPA Group s. r. o., I\u010cO 05523869, so s\u00eddlom Pod Cihelnou 664\/6, 161 00 Praha 6 zap\u00edsan\u00e1 na Mestskom s\u00fade v Prahe pod spisovou zna\u010dkou C 265113, ktor\u00e1 prev\u00e1dzkuje webov\u00fa str\u00e1nku www.oculocin.cz. Va\u0161e osobn\u00e9 \u00fadaje spracov\u00e1vame ako spr\u00e1vca, tj. Ur\u010dujeme, ako bud\u00fa osobn\u00e9 \u00fadaje spracov\u00e1van\u00e9 a za ak\u00fdm \u00fa\u010delom, ako dlho a vyber\u00e1me pr\u00edpadn\u00e9 \u010fal\u0161ie spracovate\u013eov, ktor\u00ed n\u00e1m so spracovan\u00edm bud\u00fa pom\u00e1ha\u0165.<\/p>\n<h3>Kontaktn\u00e9 \u00fadaje<\/h3>\n<p>Ak sa na n\u00e1s budete chcie\u0165 v priebehu spracovania obr\u00e1ti\u0165, m\u00f4\u017eete n\u00e1s kontaktova\u0165 na tel. \u010c\u00edsle +420 230 234 180 alebo na e-mail: info@opagroup.cz.<\/p>\n<p>Prehlasujeme, \u017ee ako spr\u00e1vca Va\u0161ich osobn\u00fdch \u00fadajov sp\u013a\u0148ame v\u0161etky z\u00e1konn\u00e9 povinnosti vy\u017eadovan\u00e9 platnou legislat\u00edvou, najm\u00e4 z\u00e1konom o ochrane osobn\u00fdch \u00fadajov a GDPR, a teda \u017ee:<\/p>\n<ul>\n<li>budeme spracov\u00e1va\u0165 Va\u0161e osobn\u00e9 \u00fadaje len na z\u00e1klade platn\u00e9ho pr\u00e1vneho d\u00f4vodu, a to predov\u0161etk\u00fdm opr\u00e1vnen\u00e9ho z\u00e1ujmu, plnenie zmluvy, z\u00e1konn\u00e9 povinnosti alebo udelen\u00e9ho s\u00fahlasu<\/li>\n<li>pln\u00edme pod\u013ea \u010dl\u00e1nku 13 GDPR informa\u010dn\u00fa povinnos\u0165 e\u0161te pred za\u010dat\u00edm spracovania osobn\u00fdch \u00fadajov<\/li>\n<li>umo\u017en\u00edme V\u00e1m a budeme V\u00e1s podporova\u0165 v uplat\u0148ovan\u00ed a plnenie Va\u0161ich pr\u00e1v pod\u013ea z\u00e1kona o ochrane osobn\u00fdch \u00fadajov a GDPR<\/li>\n<\/ul>\n<h3>Rozsah osobn\u00fdch \u00fadajov a \u00fa\u010dely spracovania<\/h3>\n<p>Spracov\u00e1vame osobn\u00e9 \u00fadaje, ktor\u00e9 n\u00e1m zver\u00edte sami, a to z nasleduj\u00facich d\u00f4vodov (pre naplnenie t\u00fdchto \u00fa\u010delov):<\/p>\n<ul>\n<li>poskytovanie slu\u017eieb, plnenie zmluvy &#8211; Va\u0161e osobn\u00e9 \u00fadaje v rozsahu: e-mail, meno a priezvisko, adresa, telef\u00f3n, nevyhnutne potrebujeme k plneniu zmluvy (napr. zaslanie pr\u00edstupov do e-shopu, dodanie tovaru).<\/li>\n<li>vedenie \u00fa\u010dtovn\u00edctva &#8211; Ak ste z\u00e1kazn\u00edkmi, Va\u0161e osobn\u00e9 \u00fadaje (faktura\u010dn\u00e9 \u00fadaje) nevyhnutne potrebujeme, aby sme vyhoveli z\u00e1konnej povinnosti pre vystavovanie a evidenciu da\u0148ov\u00fdch dokladov.<\/li>\n<li>marketing &#8211; zasielanie newsletterov &#8211; Va\u0161e osobn\u00e9 \u00fadaje (e-mail a meno), pohlavia, na \u010do klik\u00e1te v e-mailu a kedy je naj\u010dastej\u0161ie otv\u00e1rate vyu\u017e\u00edvame za \u00fa\u010delom priameho marketingu &#8211; zasielanie obchodn\u00fdch ozn\u00e1men\u00ed. Ak ste na\u0161\u00edm z\u00e1kazn\u00edkom, rob\u00edme tak z opr\u00e1vnen\u00e9ho z\u00e1ujmu, lebo d\u00f4vodne predpoklad\u00e1me, \u017ee V\u00e1s na\u0161e novinky zauj\u00edmaj\u00fa, a to po dobu 10 rokov od poslednej objedn\u00e1vky.<\/li>\n<\/ul>\n<p>Ak nie ste na\u0161\u00edm z\u00e1kazn\u00edkom, zasielame V\u00e1m newslettre len na z\u00e1klade V\u00e1\u0161ho s\u00fahlasu, po dobu 10 rokov od udelenia. V oboch pr\u00edpadoch m\u00f4\u017eete tento s\u00fahlas odvola\u0165 pou\u017eit\u00edm odhlasovacieho odkazu v ka\u017edom zaslanom e-mailu.<\/p>\n<ul>\n<li>pokro\u010dil\u00fd marketing na z\u00e1klade s\u00fahlasu &#8211; Iba na z\u00e1klade V\u00e1\u0161ho s\u00fahlasu V\u00e1m m\u00f4\u017eeme zasiela\u0165 tie\u017e in\u0161piruj\u00face ponuky tret\u00edch os\u00f4b alebo vyu\u017ei\u0165 e-mailov\u00fa adresu napr. remarketingov\u00fd a zacielenie reklamy na Facebooku, a to po dobu 10 rokov od udelenia s\u00fahlasu. Ten je mo\u017en\u00e9 samozrejme kedyko\u013evek odvola\u0165 prostredn\u00edctvom na\u0161ich kontaktn\u00fdch \u00fadajov.<\/li>\n<li>fotografick\u00e1 dokument\u00e1cia &#8211; \u017eivej akcie napr. konferencie, semin\u00e1re, teambuilding, spolo\u010densk\u00e9 akcie, verejn\u00e9 podujatia<br \/>\nVa\u0161e osobn\u00e9 \u00fadaje si ponech\u00e1vame po dobu preml\u010dac\u00edch leh\u00f4t, pokia\u013e z\u00e1kon neustanovuje dlh\u0161iu dobu k ich uchovanie alebo sme v konkr\u00e9tnych pr\u00edpadoch neuviedli inak.<\/li>\n<\/ul>\n<h3>Cookies<\/h3>\n<p>Pri prech\u00e1dzan\u00ed na\u0161ich webov\u00fdch str\u00e1nok zaznamen\u00e1vame Va\u0161u IP adresu, ako dlho sa na str\u00e1nke zdr\u017e\u00edte a z ktorej str\u00e1nky prich\u00e1dzate. Pou\u017e\u00edvanie cookies na meranie n\u00e1v\u0161tevnosti webu a prisp\u00f4sobenie zobrazenie webov\u00fdch str\u00e1nok vn\u00edmame ako svoj opr\u00e1vnen\u00fd z\u00e1ujem spr\u00e1vcu, lebo ver\u00edme, \u017ee v\u010faka tomu v\u00e1m m\u00f4\u017eeme pon\u00faknu\u0165 e\u0161te lep\u0161ie slu\u017eby.<\/p>\n<p>Cookies pre cielenie reklamy bud\u00fa spracov\u00e1van\u00e9 len na z\u00e1klade V\u00e1\u0161ho s\u00fahlasu.<\/p>\n<p>Na\u0161e webov\u00e9 str\u00e1nky mo\u017eno prech\u00e1dza\u0165 aj v re\u017eime, ktor\u00fd neumo\u017e\u0148uje zbieranie osobn\u00fdch \u00fadajov. Pou\u017e\u00edvanie cookies m\u00f4\u017eete na svojom po\u010d\u00edta\u010di zak\u00e1za\u0165.<\/p>\n<h3>Zabezpe\u010denie a ochrana osobn\u00fdch \u00fadajov<\/h3>\n<p>Chr\u00e1nime osobn\u00e9 \u00fadaje v maxim\u00e1lnej mo\u017enej miere pomocou modern\u00fdch technol\u00f3gi\u00ed, ktor\u00e9 zodpovedaj\u00fa stup\u0148u technick\u00e9ho rozvoja. Chr\u00e1nime je ako keby boli na\u0161e vlastn\u00e9. Prijali sme a udr\u017eiavame v\u0161etky mo\u017en\u00e9 (aktu\u00e1lne zn\u00e1ma) technick\u00e9 a organiza\u010dn\u00e9 opatrenia, ktor\u00e9 zamedzuj\u00fa zneu\u017eitiu, po\u0161kodeniu alebo zni\u010deniu Va\u0161ich osobn\u00fdch \u00fadajov.<\/p>\n<h3>Odovzdanie osobn\u00fdch \u00fadajov tret\u00edm osob\u00e1m<\/h3>\n<p>K Va\u0161im osobn\u00fdm \u00fadajom maj\u00fa pr\u00edstup na\u0161i zamestnanci a spolupracovn\u00edci.<\/p>\n<p>Pre zaistenie konkr\u00e9tnych spracovate\u013esk\u00fdch oper\u00e1ci\u00ed, ktor\u00e9 nedok\u00e1\u017eeme zabezpe\u010di\u0165 vlastn\u00fdmi silami, vyu\u017e\u00edvame slu\u017eieb a aplik\u00e1ci\u00ed spracovate\u013eov, ktor\u00ed vedia d\u00e1ta ochr\u00e1ni\u0165 e\u0161te lep\u0161ie ako my a na dan\u00e9 spracovanie sa \u0161pecializuj\u00fa.<\/p>\n<p>S\u00fa to poskytovatelia nasleduj\u00facich platforiem: SmartSelling a.s. (SmartEmailing), Facebook, Google, Zoznam, \u00fa\u010dtovn\u00e1 firma EXIMEX, s. R. O.<\/p>\n<p>Je mo\u017en\u00e9, \u017ee sa v bud\u00facnosti rozhodneme vyu\u017ei\u0165 \u010fal\u0161ie aplik\u00e1cie \u010di spracovate\u013ea, pre u\u013eah\u010denie a skvalitnenie spracovania. S\u013eubujeme v\u00e1m v\u0161ak, \u017ee v takomto pr\u00edpade pri v\u00fdbere, budeme na spracovate\u013ea kl\u00e1s\u0165 minim\u00e1lne rovnak\u00e9 n\u00e1roky na zabezpe\u010denie a kvalitu spracovania ako na seba.<\/p>\n<h3>Odovzd\u00e1vanie d\u00e1t mimo Eur\u00f3pskej \u00fanie<\/h3>\n<p>D\u00e1ta spracov\u00e1vame v\u00fdhradne v Eur\u00f3pskej \u00fanii alebo v krajin\u00e1ch, ktor\u00e9 zais\u0165uj\u00fa stupe\u0148 ochrany na z\u00e1klade rozhodnutia Eur\u00f3pskej komisie.<\/p>\n<h3>Va\u0161e pr\u00e1va v s\u00favislosti s ochranou osobn\u00fdch \u00fadajov<\/h3>\n<p>V s\u00favislosti s ochranou osobn\u00fdch \u00fadajov m\u00e1te rad pr\u00e1v. Ak budete chcie\u0165 niektor\u00e9ho z t\u00fdchto pr\u00e1v vyu\u017ei\u0165, pros\u00edm, kontaktujte n\u00e1s prostredn\u00edctvom e-mailu: info@opagroup.cz.<\/p>\n<p>M\u00e1te pr\u00e1vo na inform\u00e1cie, ktor\u00e9 je plnen\u00e9 u\u017e touto informa\u010dn\u00e9 str\u00e1nkou so z\u00e1sadami spracovania osobn\u00fdch \u00fadajov.<\/p>\n<p>V\u010faka pr\u00e1ve na pr\u00edstup n\u00e1s m\u00f4\u017eete kedyko\u013evek vyzva\u0165 a my v\u00e1m dolo\u017e\u00edme v lehote 14 dn\u00ed, ak\u00e9 Va\u0161e osobn\u00e9 \u00fadaje spracov\u00e1vame a pre\u010do.<\/p>\n<p>Ak sa u V\u00e1s nie\u010do zmen\u00ed alebo ak\u00e9ko\u013evek svoje osobn\u00e9 \u00fadaje neaktu\u00e1lne alebo ne\u00fapln\u00e9, m\u00e1te pr\u00e1vo na doplnenie a zmenu osobn\u00fdch \u00fadajov.<\/p>\n<p>Pr\u00e1vo na obmedzenie spracovanie m\u00f4\u017eete vyu\u017ei\u0165, ak sa domnievate, \u017ee spracov\u00e1vame Va\u0161e nepresn\u00e9 \u00fadaje, mysl\u00edte si, \u017ee vykon\u00e1vame spracovanie nez\u00e1konne, ale nechcete v\u0161etky \u00fadaje vymaza\u0165 alebo ak ste vzniesol \/ vzniesla n\u00e1mietku proti spracovaniu. Obmedzi\u0165 m\u00f4\u017eete rozsah osobn\u00fdch \u00fadajov alebo \u00fa\u010delov spracovania. (Napr. Odhl\u00e1sen\u00edm z newslettera obmedzujete \u00fa\u010del spracovania pre zasielanie obchodn\u00fdch ozn\u00e1men\u00ed.)<\/p>\n<h3>Pr\u00e1vo na prenosnos\u0165<\/h3>\n<p>Ak by ste chceli svoje osobn\u00e9 \u00fadaje vzia\u0165 a prenies\u0165 k niekomu in\u00e9mu, budeme postupova\u0165 rovnako ako pri vyu\u017eit\u00ed pr\u00e1va na pr\u00edstup &#8211; len s t\u00fdm rozdielom, \u017ee v\u00e1m inform\u00e1cie dod\u00e1me v strojovo \u010ditate\u013enej podobe. Tu potrebujeme aspo\u0148 21 dn\u00ed.<\/p>\n<h3>Pr\u00e1vo na v\u00fdmaz (by\u0165 zabudnut\u00fd)<\/h3>\n<p>Va\u0161im \u010fal\u0161\u00edm pr\u00e1vom je pr\u00e1vo na vymazanie (by\u0165 zabudnut\u00fd). Nechceme na V\u00e1s zabudn\u00fa\u0165, ale ak si to budete pria\u0165, m\u00e1te na to pr\u00e1vo. V takom pr\u00edpade vyma\u017eeme v\u0161etky Va\u0161e osobn\u00e9 \u00fadaje zo svojho syst\u00e9mu aj zo syst\u00e9mu v\u0161etk\u00fdch \u010diastkov\u00fdch spracovate\u013eov a z\u00e1loh. Na zabezpe\u010denie pr\u00e1va na v\u00fdmaz potrebujeme 30 dn\u00ed.<\/p>\n<p>V niektor\u00fdch pr\u00edpadoch sme viazan\u00ed z\u00e1konnou povinnos\u0165ou, a napr. Mus\u00edm evidova\u0165 vystaven\u00e9 da\u0148ov\u00e9 doklady po lehotu stanoven\u00fa z\u00e1konom. V tomto pr\u00edpade teda zma\u017eeme v\u0161etky tak\u00e9 osobn\u00e9 \u00fadaje, ktor\u00e9 nie s\u00fa viazan\u00e9 in\u00fdm z\u00e1konom. O dokon\u010denie v\u00fdmazu V\u00e1s budeme informova\u0165 na e-mail.<\/p>\n<h3>S\u0165a\u017enos\u0165 na \u00darade na ochranu osobn\u00fdch \u00fadajov<\/h3>\n<p>Ak m\u00e1te pocit, \u017ee s Va\u0161imi \u00fadajmi nezaobch\u00e1dzame v s\u00falade so z\u00e1konom, m\u00e1te pr\u00e1vo sa so svojou s\u0165a\u017enos\u0165ou kedyko\u013evek obr\u00e1ti\u0165 na \u00darad na ochranu osobn\u00fdch \u00fadajov. Budeme ve\u013emi radi, ak najprv budete o tomto podozren\u00ed informova\u0165 n\u00e1s, aby sme s t\u00fdm mohli nie\u010do urobi\u0165 a pr\u00edpadn\u00e9 pochybenie napravi\u0165.<\/p>\n<h3>Odhl\u00e1senie zo zasielania newsletterov a obchodn\u00fdch ozn\u00e1men\u00ed<\/h3>\n<p>E-maily s in\u0161pir\u00e1ciou, \u010dl\u00e1nky \u010di produktmi a slu\u017ebami V\u00e1m zasielame ak ste n\u00e1\u0161 z\u00e1kazn\u00edk na z\u00e1klade n\u00e1\u0161ho opr\u00e1vnen\u00e9ho z\u00e1ujmu.<\/p>\n<p>Ak z\u00e1kazn\u00edkom e\u0161te nie ste, posielame V\u00e1m je len na z\u00e1klade V\u00e1\u0161ho s\u00fahlasu. V oboch pr\u00edpadoch m\u00f4\u017eete ukon\u010di\u0165 odber na\u0161ich e-mailov stla\u010den\u00edm odhlasovacieho odkazu v ka\u017edom zaslanom e-mailu.<\/p>\n<h3>Ml\u010danlivos\u0165<\/h3>\n<p>Dovo\u013eujeme si V\u00e1s uisti\u0165, \u017ee na\u0161i zamestnanci aj spolupracovn\u00edci, ktor\u00ed bud\u00fa spracov\u00e1va\u0165 Va\u0161e osobn\u00e9 \u00fadaje, s\u00fa povinn\u00ed zachov\u00e1va\u0165 ml\u010danlivos\u0165 o osobn\u00fdch \u00fadajoch a o bezpe\u010dnostn\u00fdch opatreniach, ktor\u00fdch zverejnenie by ohrozilo bezpe\u010dnos\u0165 Va\u0161ich osobn\u00fdch \u00fadajov. T\u00e1to ml\u010danlivos\u0165 pritom trv\u00e1 aj po skon\u010den\u00ed z\u00e1v\u00e4zkov\u00fdch vz\u0165ahov s nami. Bez v\u00e1\u0161ho s\u00fahlasu nebud\u00fa Va\u0161e osobn\u00e9 \u00fadaje vydan\u00e9 \u017eiadne in\u00e9 tretej strane.<\/p>\n<p>Tieto z\u00e1sady spracovanie osobn\u00fdch \u00fadajov plat\u00ed od 25. 5. 2018 a nahradzuj\u00fa predch\u00e1dzaj\u00face Ochranu osobn\u00fdch \u00fadajov.<\/p>\n<\/div><\/section><\/div><div class='av-flex-placeholder'><\/div>\n<style type=\"text\/css\" data-created_by=\"avia_inline_auto\" id=\"style-css-av-av_one_fifth-d9008b4527fd7407b08d6a532aa5fa09\">\n.flex_column.av-av_one_fifth-d9008b4527fd7407b08d6a532aa5fa09{\n-webkit-border-radius:0px 0px 0px 0px;\n-moz-border-radius:0px 0px 0px 0px;\nborder-radius:0px 0px 0px 0px;\npadding:0px 0px 0px 0px;\n}\n<\/style>\n<div class='flex_column av-av_one_fifth-d9008b4527fd7407b08d6a532aa5fa09 av_one_fifth  avia-builder-el-6  el_after_av_three_fifth  avia-builder-el-last  flex_column_table_cell av-equal-height-column av-align-middle av-animated-generic pop-up av-zero-column-padding '     ><\/div><\/div><!--close column table wrapper. Autoclose: 1 -->\n","protected":false},"excerpt":{"rendered":"","protected":false},"author":1,"featured_media":0,"parent":0,"menu_order":0,"comment_status":"closed","ping_status":"closed","template":"","meta":[],"yoast_head":"<!-- This site is optimized with the Yoast SEO plugin v20.5 - https:\/\/yoast.com\/wordpress\/plugins\/seo\/ -->\n<title>Oculocin - pr\u00edrodn\u00e9 o\u010dn\u00e9 kvapky - u\u017e V\u00e1s nemus\u00ed tr\u00e1pi\u0165 z\u00e1pal spojiviek<\/title>\n<meta name=\"description\" content=\"Pr\u00edrodn\u00fd produkt pre lie\u010dbu chronick\u00e9ho z\u00e1palu spojiviek a podr\u00e1\u017eden\u00fdch o\u010d\u00ed bez antibiot\u00edk. O\u010dn\u00e9 kvapky proti z\u00e1palu spojiviek Oculocin Propo, Vital, Solar.\" \/>\n<meta name=\"robots\" content=\"index, follow, max-snippet:-1, max-image-preview:large, max-video-preview:-1\" \/>\n<link rel=\"canonical\" href=\"https:\/\/oculocin.cz\/sk\/zasady-spracovania-a-ochrana-osobnych-udajov\/\" \/>\n<meta property=\"og:locale\" content=\"sk_SK\" \/>\n<meta property=\"og:type\" content=\"article\" \/>\n<meta property=\"og:title\" content=\"Oculocin - pr\u00edrodn\u00e9 o\u010dn\u00e9 kvapky - u\u017e V\u00e1s nemus\u00ed tr\u00e1pi\u0165 z\u00e1pal spojiviek\" \/>\n<meta property=\"og:description\" content=\"P\u0159\u00edrodn\u00ed o\u010dn\u00ed kapky Oculocin\" \/>\n<meta property=\"og:url\" content=\"https:\/\/oculocin.cz\/sk\/zasady-spracovania-a-ochrana-osobnych-udajov\/\" \/>\n<meta property=\"og:site_name\" content=\"Oculocin.cz\" \/>\n<meta property=\"article:publisher\" content=\"https:\/\/www.facebook.com\/obchodproalergiky\/\" \/>\n<meta property=\"article:modified_time\" content=\"2018-05-28T11:11:11+00:00\" \/>\n<meta name=\"twitter:card\" content=\"summary_large_image\" \/>\n<meta name=\"twitter:label1\" content=\"Predpokladan\u00fd \u010das \u010d\u00edtania\" \/>\n\t<meta name=\"twitter:data1\" content=\"10 min\u00fat\" \/>\n<script type=\"application\/ld+json\" class=\"yoast-schema-graph\">{\"@context\":\"https:\/\/schema.org\",\"@graph\":[{\"@type\":\"WebPage\",\"@id\":\"https:\/\/oculocin.cz\/sk\/zasady-spracovania-a-ochrana-osobnych-udajov\/\",\"url\":\"https:\/\/oculocin.cz\/sk\/zasady-spracovania-a-ochrana-osobnych-udajov\/\",\"name\":\"Oculocin - pr\u00edrodn\u00e9 o\u010dn\u00e9 kvapky - u\u017e V\u00e1s nemus\u00ed tr\u00e1pi\u0165 z\u00e1pal spojiviek\",\"isPartOf\":{\"@id\":\"https:\/\/oculocin.cz\/#website\"},\"datePublished\":\"2018-05-28T11:07:59+00:00\",\"dateModified\":\"2018-05-28T11:11:11+00:00\",\"description\":\"Pr\u00edrodn\u00fd produkt pre lie\u010dbu chronick\u00e9ho z\u00e1palu spojiviek a podr\u00e1\u017eden\u00fdch o\u010d\u00ed bez antibiot\u00edk. O\u010dn\u00e9 kvapky proti z\u00e1palu spojiviek Oculocin Propo, Vital, Solar.\",\"breadcrumb\":{\"@id\":\"https:\/\/oculocin.cz\/sk\/zasady-spracovania-a-ochrana-osobnych-udajov\/#breadcrumb\"},\"inLanguage\":\"sk-SK\",\"potentialAction\":[{\"@type\":\"ReadAction\",\"target\":[\"https:\/\/oculocin.cz\/sk\/zasady-spracovania-a-ochrana-osobnych-udajov\/\"]}]},{\"@type\":\"BreadcrumbList\",\"@id\":\"https:\/\/oculocin.cz\/sk\/zasady-spracovania-a-ochrana-osobnych-udajov\/#breadcrumb\",\"itemListElement\":[{\"@type\":\"ListItem\",\"position\":1,\"name\":\"Dom\u016f\",\"item\":\"https:\/\/oculocin.cz\/ocni-kapky\/\"},{\"@type\":\"ListItem\",\"position\":2,\"name\":\"Z\u00e1sady spracovania a ochrana osobn\u00fdch \u00fadajov\"}]},{\"@type\":\"WebSite\",\"@id\":\"https:\/\/oculocin.cz\/#website\",\"url\":\"https:\/\/oculocin.cz\/\",\"name\":\"Oculocin.cz\",\"description\":\"Oculocin.cz - o\u010dn\u00e9 kvapky\",\"publisher\":{\"@id\":\"https:\/\/oculocin.cz\/#organization\"},\"potentialAction\":[{\"@type\":\"SearchAction\",\"target\":{\"@type\":\"EntryPoint\",\"urlTemplate\":\"https:\/\/oculocin.cz\/?s={search_term_string}\"},\"query-input\":\"required name=search_term_string\"}],\"inLanguage\":\"sk-SK\"},{\"@type\":\"Organization\",\"@id\":\"https:\/\/oculocin.cz\/#organization\",\"name\":\"OPA Group s. r. o.\",\"url\":\"https:\/\/oculocin.cz\/\",\"logo\":{\"@type\":\"ImageObject\",\"inLanguage\":\"sk-SK\",\"@id\":\"https:\/\/oculocin.cz\/#\/schema\/logo\/image\/\",\"url\":\"https:\/\/i0.wp.com\/oculocin.cz\/wp-content\/uploads\/2017\/01\/opa_group_logo_340x156.png?fit=340%2C156&ssl=1\",\"contentUrl\":\"https:\/\/i0.wp.com\/oculocin.cz\/wp-content\/uploads\/2017\/01\/opa_group_logo_340x156.png?fit=340%2C156&ssl=1\",\"width\":340,\"height\":156,\"caption\":\"OPA Group s. r. o.\"},\"image\":{\"@id\":\"https:\/\/oculocin.cz\/#\/schema\/logo\/image\/\"},\"sameAs\":[\"https:\/\/www.facebook.com\/obchodproalergiky\/\"]}]}<\/script>\n<!-- \/ Yoast SEO plugin. -->","yoast_head_json":{"title":"Oculocin - pr\u00edrodn\u00e9 o\u010dn\u00e9 kvapky - u\u017e V\u00e1s nemus\u00ed tr\u00e1pi\u0165 z\u00e1pal spojiviek","description":"Pr\u00edrodn\u00fd produkt pre lie\u010dbu chronick\u00e9ho z\u00e1palu spojiviek a podr\u00e1\u017eden\u00fdch o\u010d\u00ed bez antibiot\u00edk. O\u010dn\u00e9 kvapky proti z\u00e1palu spojiviek Oculocin Propo, Vital, Solar.","robots":{"index":"index","follow":"follow","max-snippet":"max-snippet:-1","max-image-preview":"max-image-preview:large","max-video-preview":"max-video-preview:-1"},"canonical":"https:\/\/oculocin.cz\/sk\/zasady-spracovania-a-ochrana-osobnych-udajov\/","og_locale":"sk_SK","og_type":"article","og_title":"Oculocin - pr\u00edrodn\u00e9 o\u010dn\u00e9 kvapky - u\u017e V\u00e1s nemus\u00ed tr\u00e1pi\u0165 z\u00e1pal spojiviek","og_description":"P\u0159\u00edrodn\u00ed o\u010dn\u00ed kapky Oculocin","og_url":"https:\/\/oculocin.cz\/sk\/zasady-spracovania-a-ochrana-osobnych-udajov\/","og_site_name":"Oculocin.cz","article_publisher":"https:\/\/www.facebook.com\/obchodproalergiky\/","article_modified_time":"2018-05-28T11:11:11+00:00","twitter_card":"summary_large_image","twitter_misc":{"Predpokladan\u00fd \u010das \u010d\u00edtania":"10 min\u00fat"},"schema":{"@context":"https:\/\/schema.org","@graph":[{"@type":"WebPage","@id":"https:\/\/oculocin.cz\/sk\/zasady-spracovania-a-ochrana-osobnych-udajov\/","url":"https:\/\/oculocin.cz\/sk\/zasady-spracovania-a-ochrana-osobnych-udajov\/","name":"Oculocin - pr\u00edrodn\u00e9 o\u010dn\u00e9 kvapky - u\u017e V\u00e1s nemus\u00ed tr\u00e1pi\u0165 z\u00e1pal spojiviek","isPartOf":{"@id":"https:\/\/oculocin.cz\/#website"},"datePublished":"2018-05-28T11:07:59+00:00","dateModified":"2018-05-28T11:11:11+00:00","description":"Pr\u00edrodn\u00fd produkt pre lie\u010dbu chronick\u00e9ho z\u00e1palu spojiviek a podr\u00e1\u017eden\u00fdch o\u010d\u00ed bez antibiot\u00edk. O\u010dn\u00e9 kvapky proti z\u00e1palu spojiviek Oculocin Propo, Vital, Solar.","breadcrumb":{"@id":"https:\/\/oculocin.cz\/sk\/zasady-spracovania-a-ochrana-osobnych-udajov\/#breadcrumb"},"inLanguage":"sk-SK","potentialAction":[{"@type":"ReadAction","target":["https:\/\/oculocin.cz\/sk\/zasady-spracovania-a-ochrana-osobnych-udajov\/"]}]},{"@type":"BreadcrumbList","@id":"https:\/\/oculocin.cz\/sk\/zasady-spracovania-a-ochrana-osobnych-udajov\/#breadcrumb","itemListElement":[{"@type":"ListItem","position":1,"name":"Dom\u016f","item":"https:\/\/oculocin.cz\/ocni-kapky\/"},{"@type":"ListItem","position":2,"name":"Z\u00e1sady spracovania a ochrana osobn\u00fdch \u00fadajov"}]},{"@type":"WebSite","@id":"https:\/\/oculocin.cz\/#website","url":"https:\/\/oculocin.cz\/","name":"Oculocin.cz","description":"Oculocin.cz - o\u010dn\u00e9 kvapky","publisher":{"@id":"https:\/\/oculocin.cz\/#organization"},"potentialAction":[{"@type":"SearchAction","target":{"@type":"EntryPoint","urlTemplate":"https:\/\/oculocin.cz\/?s={search_term_string}"},"query-input":"required name=search_term_string"}],"inLanguage":"sk-SK"},{"@type":"Organization","@id":"https:\/\/oculocin.cz\/#organization","name":"OPA Group s. r. o.","url":"https:\/\/oculocin.cz\/","logo":{"@type":"ImageObject","inLanguage":"sk-SK","@id":"https:\/\/oculocin.cz\/#\/schema\/logo\/image\/","url":"https:\/\/i0.wp.com\/oculocin.cz\/wp-content\/uploads\/2017\/01\/opa_group_logo_340x156.png?fit=340%2C156&ssl=1","contentUrl":"https:\/\/i0.wp.com\/oculocin.cz\/wp-content\/uploads\/2017\/01\/opa_group_logo_340x156.png?fit=340%2C156&ssl=1","width":340,"height":156,"caption":"OPA Group s. r. o."},"image":{"@id":"https:\/\/oculocin.cz\/#\/schema\/logo\/image\/"},"sameAs":["https:\/\/www.facebook.com\/obchodproalergiky\/"]}]}},"_links":{"self":[{"href":"https:\/\/oculocin.cz\/sk\/wp-json\/wp\/v2\/pages\/476"}],"collection":[{"href":"https:\/\/oculocin.cz\/sk\/wp-json\/wp\/v2\/pages"}],"about":[{"href":"https:\/\/oculocin.cz\/sk\/wp-json\/wp\/v2\/types\/page"}],"author":[{"embeddable":true,"href":"https:\/\/oculocin.cz\/sk\/wp-json\/wp\/v2\/users\/1"}],"replies":[{"embeddable":true,"href":"https:\/\/oculocin.cz\/sk\/wp-json\/wp\/v2\/comments?post=476"}],"version-history":[{"count":0,"href":"https:\/\/oculocin.cz\/sk\/wp-json\/wp\/v2\/pages\/476\/revisions"}],"wp:attachment":[{"href":"https:\/\/oculocin.cz\/sk\/wp-json\/wp\/v2\/media?parent=476"}],"curies":[{"name":"wp","href":"https:\/\/api.w.org\/{rel}","templated":true}]}}